{"id":17,"date":"2024-02-19T17:58:21","date_gmt":"2024-02-19T16:58:21","guid":{"rendered":"https:\/\/georges-morisod.ch\/?page_id=17"},"modified":"2024-02-20T09:19:58","modified_gmt":"2024-02-20T08:19:58","slug":"expositions","status":"publish","type":"page","link":"https:\/\/georges-morisod.ch\/?page_id=17","title":{"rendered":"Expositions"},"content":{"rendered":"\t\t<div data-elementor-type=\"wp-page\" data-elementor-id=\"17\" class=\"elementor elementor-17\" data-elementor-post-type=\"page\">\n\t\t\t\t<div class=\"elementor-element elementor-element-b0768d5 e-flex e-con-boxed e-con e-parent\" data-id=\"b0768d5\" data-element_type=\"container\" data-e-type=\"container\">\n\t\t\t\t\t<div class=\"e-con-inner\">\n\t\t\t\t<div class=\"elementor-element elementor-element-e27ae3c elementor-widget elementor-widget-spacer\" data-id=\"e27ae3c\" data-element_type=\"widget\" data-e-type=\"widget\" data-widget_type=\"spacer.default\">\n\t\t\t\t<div class=\"elementor-widget-container\">\n\t\t\t\t\t\t\t<div class=\"elementor-spacer\">\n\t\t\t<div class=\"elementor-spacer-inner\"><\/div>\n\t\t<\/div>\n\t\t\t\t\t\t<\/div>\n\t\t\t\t<\/div>\n\t\t\t\t\t<\/div>\n\t\t\t\t<\/div>\n\t\t<div class=\"elementor-element elementor-element-4be9660 e-flex e-con-boxed e-con e-parent\" data-id=\"4be9660\" data-element_type=\"container\" data-e-type=\"container\">\n\t\t\t\t\t<div class=\"e-con-inner\">\n\t\t<div class=\"elementor-element elementor-element-a8dc069 e-con-full e-flex e-con e-child\" data-id=\"a8dc069\" data-element_type=\"container\" data-e-type=\"container\">\n\t\t\t\t<div class=\"elementor-element elementor-element-05f66b8 elementor-widget elementor-widget-text-editor\" data-id=\"05f66b8\" data-element_type=\"widget\" data-e-type=\"widget\" data-widget_type=\"text-editor.default\">\n\t\t\t\t<div class=\"elementor-widget-container\">\n\t\t\t\t\t\t\t\t\t<p><strong>1996<\/strong> \u2013 Galerie \u00ab\u00a0La Primaire\u00a0\u00bb \u00e0 Gen\u00e8ve<\/p><p><strong>1997<\/strong> \u2013 Galerie \u00ab\u00a0Delafontaine\u00a0\u00bb \u00e0 Carouge-Gen\u00e8ve<\/p><p><strong>1997<\/strong> \u2013 \u00ab\u00a0Faune dansant\u00a0\u00bb s\u00e9lectionn\u00e9 au Salon des Artistes Fran\u00e7ais \u00e0 Paris<\/p><p><strong>1998<\/strong>&#8211; Salon International d&rsquo;Art Contemporain (IAC) Marseille (M\u00e9daille d&rsquo;or)<\/p><p><strong>1998<\/strong> \u2013 Salon International d&rsquo;Art Contemporain (IAC) Moulin d&rsquo;Orgon (1er Prix)<\/p><p><strong>1998<\/strong> \u2013 Salon International des Seigneurs de l&rsquo;Art (Arts Inter) Valence (M\u00e9daille d&rsquo;or)<\/p><p><strong>1998<\/strong> \u2013 \u00ab\u00a0F\u00e9minescence\u00a0\u00bb s\u00e9lectionn\u00e9e au Salon des Artistes Fran\u00e7ais \u00e0 Paris<\/p><p><strong>1998<\/strong> \u2013 1er Festival International d&rsquo;Art Actuel \u00e0 Chamb\u00e9ry-La Ravoire (Prix du public)<\/p><p><strong>1998<\/strong> \u2013 Salon International des Cr\u00e9ateurs d&rsquo;Aujourd&rsquo;hui (Arts Inter) \u00e0 Lyon (1er Prix)<\/p><p><strong>1999<\/strong> \u2013 37\u00e8me Salon des L\u00e9opards aux Issambres (Coupe du Conseil G\u00e9n\u00e9ral du Var)<\/p><p><strong>1999<\/strong> \u2013 Var&rsquo;Art International aux Arcs sur Argens (M\u00e9daille d&rsquo;Honneur 99)<\/p><p><strong>2000<\/strong> \u2013 Maison des Arts \u00e0 Lamarche-sur-Sa\u00f4ne (C\u00f4te-d&rsquo;Or) \u00ab\u00a0Estivale Artistique 2000\u00a0\u00bb<\/p><p><strong>2000<\/strong> \u2013 \u00ab\u00a0Galerie du Centenaire\u00a0\u00bb \u00e0 Carouge-Gen\u00e8ve<\/p><p><strong>2001<\/strong> \u2013 Salon International des Cr\u00e9ateurs du Si\u00e8cle (Arts-Inter) \u00e0 Aix-en-Provence (Grand Prix Sp\u00e9cial du Jury)<\/p><p><strong>2001<\/strong> \u2013 Exposition de sculptures du Bicentenaire de la commune de Ch\u00eane-Bougeries (Gen\u00e8ve) sur le th\u00e8me \u00ab\u00a0La Diff\u00e9rence\u00a0\u00bb dans le Parc Stagni (1er des \u00ab\u00a0Prix Coups de Coeur\u00a0\u00bb)<\/p><p><strong>2002<\/strong> \u2013 Salon des Ind\u00e9pendants \u00e0 Paris<\/p><p><strong>2002<\/strong> \u2013 Domaine des Trois Etoiles \u00e0 Satigny-Gen\u00e8ve<\/p><p>\u00a0<\/p>\t\t\t\t\t\t\t\t<\/div>\n\t\t\t\t<\/div>\n\t\t\t\t<\/div>\n\t\t<div class=\"elementor-element elementor-element-49c0955 e-con-full e-flex e-con e-child\" data-id=\"49c0955\" data-element_type=\"container\" data-e-type=\"container\">\n\t\t\t\t<div class=\"elementor-element elementor-element-b284f5a elementor-widget elementor-widget-text-editor\" data-id=\"b284f5a\" data-element_type=\"widget\" data-e-type=\"widget\" data-widget_type=\"text-editor.default\">\n\t\t\t\t<div class=\"elementor-widget-container\">\n\t\t\t\t\t\t\t\t\t<p><strong>2003<\/strong> \u2013 Salon de prestige \u00ab\u00a0les cr\u00e9ateurs du si\u00e8cles\u00a0\u00bb au Centre Mondial de la Paix \u00e0 Verdun (Grand Prix)<\/p><p><strong>2004<\/strong>&#8211; Salon \u00ab\u00a0Grand Prix de Prestige\u00a0\u00bb \u00e0 Lyon<\/p><p><strong>2004<\/strong> \u2013 \u00ab\u00a0Galerie Thuillier\u00a0\u00bb \u00e0 Paris<\/p><p><strong>2004<\/strong> \u2013 \u00ab\u00a0Galerie Gam&rsquo;Art\u00a0\u00bb \u00e0 Port-Fr\u00e9jus<\/p><p><strong>2005<\/strong> \u2013 \u00ab\u00a0Galerie le Mandarin\u00a0\u00bb H\u00f4tel du Rh\u00f4ne \u00e0 Gen\u00e8ve<\/p><p><strong>2006<\/strong> \u2013 \u00ab\u00a0Hostellerie de la Vend\u00e9e\u00a0\u00bb \u00e0 Gen\u00e8ve<\/p><p><strong>2007<\/strong> \u2013 \u00ab\u00a0Galerie du Centenaire\u00a0\u00bb \u00e0 Carouge-Gen\u00e8ve<\/p><p><strong>2008<\/strong> \u2013 \u00ab\u00a02\u00e8me Rencontre Franco-Suisse\u00a0\u00bb (Arts-inter) \u00e0 Thonon-les-Bains (Invit\u00e9 d&rsquo;honneur)<\/p><p><strong>2011<\/strong> \u2013 \u00ab\u00a0Musique et Danse\u00a0\u00bb au \u00ab\u00a0Th\u00e9\u00e2tre des montreurs d&rsquo;images\u00a0\u00bb \u00e0 Gen\u00e8ve<\/p><p><strong>2012<\/strong> \u2013 \u00ab\u00a0Galerie du Centenaire\u00a0\u00bb \u00e0 Carouge-Gen\u00e8ve<\/p><p><strong>2014<\/strong> \u2013 \u00ab\u00a0Espace-Galerie du Centenaire\u00a0\u00bb \u00e0 Carouge-Gen\u00e8ve<\/p><p><strong>2016<\/strong> \u2013 \u00ab\u00a0Le couple dans tous ses \u00e9tats\u00a0\u00bb. Espace-Galerie du Centenaire \u00e0 Carouge-Gen\u00e8ve<\/p><p><strong>2018<\/strong> \u2013 Galerie \u00ab\u00a0La Primaire\u00a0\u00bb \u00e0 Conches-Gen\u00e8ve<\/p>\t\t\t\t\t\t\t\t<\/div>\n\t\t\t\t<\/div>\n\t\t\t\t<\/div>\n\t\t\t\t\t<\/div>\n\t\t\t\t<\/div>\n\t\t\t\t<\/div>\n\t\t","protected":false},"excerpt":{"rendered":"<p>1996 \u2013 Galerie \u00ab\u00a0La Primaire\u00a0\u00bb \u00e0 Gen\u00e8ve 1997 \u2013 Galerie \u00ab\u00a0Delafontaine\u00a0\u00bb \u00e0 Carouge-Gen\u00e8ve 1997 \u2013 \u00ab\u00a0Faune dansant\u00a0\u00bb s\u00e9lectionn\u00e9 au Salon des Artistes Fran\u00e7ais \u00e0 Paris 1998&#8211; Salon International d&rsquo;Art Contemporain (IAC) Marseille (M\u00e9daille d&rsquo;or) 1998 \u2013 Salon International d&rsquo;Art Contemporain (IAC) Moulin d&rsquo;Orgon (1er Prix) 1998 \u2013 Salon International des Seigneurs de l&rsquo;Art (Arts Inter) [&hellip;]<\/p>\n","protected":false},"author":1,"featured_media":0,"parent":0,"menu_order":0,"comment_status":"closed","ping_status":"closed","template":"elementor_header_footer","meta":{"footnotes":""},"class_list":["post-17","page","type-page","status-publish","hentry"],"_links":{"self":[{"href":"https:\/\/georges-morisod.ch\/index.php?rest_route=\/wp\/v2\/pages\/17","targetHints":{"allow":["GET"]}}],"collection":[{"href":"https:\/\/georges-morisod.ch\/index.php?rest_route=\/wp\/v2\/pages"}],"about":[{"href":"https:\/\/georges-morisod.ch\/index.php?rest_route=\/wp\/v2\/types\/page"}],"author":[{"embeddable":true,"href":"https:\/\/georges-morisod.ch\/index.php?rest_route=\/wp\/v2\/users\/1"}],"replies":[{"embeddable":true,"href":"https:\/\/georges-morisod.ch\/index.php?rest_route=%2Fwp%2Fv2%2Fcomments&post=17"}],"version-history":[{"count":19,"href":"https:\/\/georges-morisod.ch\/index.php?rest_route=\/wp\/v2\/pages\/17\/revisions"}],"predecessor-version":[{"id":121,"href":"https:\/\/georges-morisod.ch\/index.php?rest_route=\/wp\/v2\/pages\/17\/revisions\/121"}],"wp:attachment":[{"href":"https:\/\/georges-morisod.ch\/index.php?rest_route=%2Fwp%2Fv2%2Fmedia&parent=17"}],"curies":[{"name":"wp","href":"https:\/\/api.w.org\/{rel}","templated":true}]}}